{"id":5048,"date":"2026-01-23T12:05:06","date_gmt":"2026-01-23T11:05:06","guid":{"rendered":"https:\/\/asymmetriqa.com\/?page_id=5048"},"modified":"2026-02-20T11:34:12","modified_gmt":"2026-02-20T10:34:12","slug":"politica-de-privacidad","status":"publish","type":"page","link":"https:\/\/asymmetriqa.com\/es\/politica-de-privacidad\/","title":{"rendered":"Pol\u00edtica de privacidad"},"content":{"rendered":"\n<div class=\"wp-block-group has-base-background-color has-background has-global-padding is-layout-constrained wp-container-core-group-is-layout-fb0f37f6 wp-block-group-is-layout-constrained\" style=\"margin-top:-25px;padding-top:100px;padding-right:0px;padding-bottom:116px;padding-left:0px\" data-block-type=\"core\">\n<div class=\"wp-block-group is-nowrap is-layout-flex wp-container-core-group-is-layout-a40fa4a2 wp-block-group-is-layout-flex\" style=\"padding-bottom:0px\" data-block-type=\"core\">\n<div class=\"wp-block-group is-layout-flex wp-block-group-is-layout-flex\" data-block-type=\"core\">\n<div class=\"wp-block-columns is-layout-flex wp-container-core-columns-is-layout-28f84493 wp-block-columns-is-layout-flex\" data-block-type=\"core\">\n<div class=\"wp-block-column is-layout-flow wp-block-column-is-layout-flow\" data-block-type=\"core\">\n<h1 class=\"wp-block-heading has-base-2-color has-text-color has-link-color wp-elements-e3ef270f06d228b400a571d8f86396f9\" style=\"margin-top:20px;margin-right:0px;margin-bottom:20px;margin-left:0px;padding-top:0px;padding-right:0px;padding-bottom:0px;padding-left:0px\" data-block-type=\"core\">Pol\u00edtica de privacidad<\/h1>\n<\/div>\n<\/div>\n<\/div>\n<\/div>\n\n\n\n<p class=\"has-base-2-color has-text-color has-link-color wp-elements-68df303e904f50b8c527ba43db1335f9\" style=\"font-size:clamp(0.875rem, 0.875rem + ((1vw - 0.2rem) * 0.469), 1.25rem);\" data-block-type=\"core\"><strong>1. <strong>Responsable del tratamiento<\/strong><\/strong><\/p>\n\n\n\n<p class=\"has-base-2-color has-text-color has-link-color wp-elements-58d461b7b1d865cdbd0a73f240d40e26\" style=\"font-size:clamp(0.875rem, 0.875rem + ((1vw - 0.2rem) * 0.469), 1.25rem);\" data-block-type=\"core\">Responsable: <strong>ASYMMETRIQA EAF, S.R.L., sociedad unipersonal<\/strong><br>CIF: <strong>B56742620<\/strong><br>Domicilio: <strong>Carrer de C\u00f2rsega, 300, planta 5a, porta 2a, 08008 Barcelona <\/strong><br>Correo electr\u00f3nico de contacto: <strong>info@asymmetriqa.com<\/strong><br>Representante legal: <strong>Cirus Andreu<\/strong><\/p>\n\n\n\n<p class=\"has-base-2-color has-text-color has-link-color wp-elements-3554b8bec59bb97ac93467716001f41f\" style=\"font-size:clamp(0.875rem, 0.875rem + ((1vw - 0.2rem) * 0.469), 1.25rem);\" data-block-type=\"core\"><strong>2. <strong>\u00bfQu\u00e9 datos recogemos?<\/strong><\/strong><\/p>\n\n\n\n<p class=\"has-base-2-color has-text-color has-link-color wp-elements-c4e8b6794239ccc45e7d8ba46d34470d\" style=\"font-size:clamp(0.875rem, 0.875rem + ((1vw - 0.2rem) * 0.469), 1.25rem);\" data-block-type=\"core\">A trav\u00e9s de esta web, \u00fanicamente se recogen datos personales a trav\u00e9s del formulario de contacto.<\/p>\n\n\n\n<p class=\"has-base-2-color has-text-color has-link-color wp-elements-73785c2e3968e8df726f3fb2dfb665fe\" style=\"font-size:clamp(0.875rem, 0.875rem + ((1vw - 0.2rem) * 0.469), 1.25rem);\" data-block-type=\"core\">Los datos que se pueden recoger son:<\/p>\n\n\n\n<ul class=\"wp-block-list\" data-block-type=\"core\">\n<li class=\"has-base-2-color has-text-color has-link-color wp-elements-1e5bfe39b31407398228f8221e30507b\" style=\"font-size:clamp(0.875rem, 0.875rem + ((1vw - 0.2rem) * 0.469), 1.25rem);\" data-block-type=\"core\">Nombre y apellidos (si el usuario los facilita)<\/li>\n\n\n\n<li class=\"has-base-2-color has-text-color has-link-color wp-elements-791ecd2efbe0a980e9beb97e6c8dba60\" style=\"font-size:clamp(0.875rem, 0.875rem + ((1vw - 0.2rem) * 0.469), 1.25rem);\" data-block-type=\"core\">Correo electr\u00f3nico<\/li>\n\n\n\n<li class=\"has-base-2-color has-text-color has-link-color wp-elements-faaf155273d787bd794a83c566fb116c\" style=\"font-size:clamp(0.875rem, 0.875rem + ((1vw - 0.2rem) * 0.469), 1.25rem);\" data-block-type=\"core\">Contenido del mensaje (y cualquier dato que el usuario incluya voluntariamente)<\/li>\n<\/ul>\n\n\n\n<p class=\"has-base-2-color has-text-color has-link-color wp-elements-d06d9a614fdd3cc7d01f913054b2dd09\" style=\"font-size:clamp(0.875rem, 0.875rem + ((1vw - 0.2rem) * 0.469), 1.25rem);\" data-block-type=\"core\"><strong>Recomendaci\u00f3n:<\/strong> no incluya informaci\u00f3n sensible o especialmente protegida en el mensaje.<\/p>\n\n\n\n<p class=\"has-base-2-color has-text-color has-link-color wp-elements-dd419f81ee3e4c5eaf38e5c199433fcc\" style=\"font-size:clamp(0.875rem, 0.875rem + ((1vw - 0.2rem) * 0.469), 1.25rem);\" data-block-type=\"core\"><strong>3. <strong>\u00bfCon qu\u00e9 finalidad tratamos tus datos?<\/strong><\/strong><\/p>\n\n\n\n<p class=\"has-base-2-color has-text-color has-link-color wp-elements-51e68e0c37a46d3e8450172e415fa291\" style=\"font-size:clamp(0.875rem, 0.875rem + ((1vw - 0.2rem) * 0.469), 1.25rem);\" data-block-type=\"core\">Los datos facilitados a trav\u00e9s del formulario de contacto se utilizan exclusivamente por:<\/p>\n\n\n\n<ul class=\"wp-block-list\" data-block-type=\"core\">\n<li class=\"has-base-2-color has-text-color has-link-color wp-elements-064f155f3f30f7d1a7b9f1a480cdcb5d\" style=\"font-size:clamp(0.875rem, 0.875rem + ((1vw - 0.2rem) * 0.469), 1.25rem);\" data-block-type=\"core\">Responder consultas y solicitudes de informaci\u00f3n<\/li>\n\n\n\n<li class=\"has-base-2-color has-text-color has-link-color wp-elements-1abcfdd4861c6347c6f048fa3aa0a527\" style=\"font-size:clamp(0.875rem, 0.875rem + ((1vw - 0.2rem) * 0.469), 1.25rem);\" data-block-type=\"core\">Gestionar comunicaciones relacionadas con la petici\u00f3n del usuario<\/li>\n\n\n\n<li class=\"has-base-2-color has-text-color has-link-color wp-elements-e5513aa0ada8f584f0b635218a402b4c\" style=\"font-size:clamp(0.875rem, 0.875rem + ((1vw - 0.2rem) * 0.469), 1.25rem);\" data-block-type=\"core\">Hacer seguimiento del contacto cuando sea necesario para atender correctamente la solicitud<\/li>\n<\/ul>\n\n\n\n<p class=\"has-base-2-color has-text-color has-link-color wp-elements-7ca92a17e319cad0a509bf8778348bea\" style=\"font-size:clamp(0.875rem, 0.875rem + ((1vw - 0.2rem) * 0.469), 1.25rem);\" data-block-type=\"core\">En ning\u00fan caso se utilizar\u00e1n los datos para enviar comunicaciones comerciales no solicitadas, excepto si la persona usuaria lo solicita expresamente.<\/p>\n\n\n\n<p class=\"has-base-2-color has-text-color has-link-color wp-elements-ad90b7264f098be65db231adfd71e500\" style=\"font-size:clamp(0.875rem, 0.875rem + ((1vw - 0.2rem) * 0.469), 1.25rem);\" data-block-type=\"core\"><strong>4. <strong>\u00bfCu\u00e1l es la base jur\u00eddica del tratamiento?<\/strong><\/strong><\/p>\n\n\n\n<p class=\"has-base-2-color has-text-color has-link-color wp-elements-87f30828c6e68082105a23837fc0206b\" style=\"font-size:clamp(0.875rem, 0.875rem + ((1vw - 0.2rem) * 0.469), 1.25rem);\" data-block-type=\"core\">La base legal para el tratamiento de los datos es:<\/p>\n\n\n\n<ul class=\"wp-block-list\" data-block-type=\"core\">\n<li class=\"has-base-2-color has-text-color has-link-color wp-elements-3bddc608c76b47d20b52faeca192be84\" style=\"font-size:clamp(0.875rem, 0.875rem + ((1vw - 0.2rem) * 0.469), 1.25rem);\" data-block-type=\"core\"><strong>El consentimiento de la persona usuaria<\/strong>, otorgado cuando env\u00eda el formulario de contacto.<\/li>\n\n\n\n<li class=\"has-base-2-color has-text-color has-link-color wp-elements-a0bd49c2c4752303abbaf2371ed30cae\" style=\"font-size:clamp(0.875rem, 0.875rem + ((1vw - 0.2rem) * 0.469), 1.25rem);\" data-block-type=\"core\">En caso de que la consulta est\u00e9 relacionada con una posible prestaci\u00f3n de servicios, puede aplicarse tambi\u00e9n la aplicaci\u00f3n de medidas precontractuales solicitadas por el interesado.<\/li>\n<\/ul>\n\n\n\n<p class=\"has-base-2-color has-text-color has-link-color wp-elements-14894686e0615db6c4378bbb4564543e\" style=\"font-size:clamp(0.875rem, 0.875rem + ((1vw - 0.2rem) * 0.469), 1.25rem);\" data-block-type=\"core\"><strong>5. <strong>\u00bfDurante cu\u00e1nto tiempo conservamos los datos?<\/strong><\/strong><\/p>\n\n\n\n<p class=\"has-base-2-color has-text-color has-link-color wp-elements-005ac636bdfa84dee9d757e835d0c57c\" style=\"font-size:clamp(0.875rem, 0.875rem + ((1vw - 0.2rem) * 0.469), 1.25rem);\" data-block-type=\"core\">Los datos se conservar\u00e1n el tiempo estrictamente necesario para:<\/p>\n\n\n\n<ul class=\"wp-block-list\" data-block-type=\"core\">\n<li class=\"has-base-2-color has-text-color has-link-color wp-elements-4b278dd9a8a0f5f356ab23d33e53eaac\" style=\"font-size:clamp(0.875rem, 0.875rem + ((1vw - 0.2rem) * 0.469), 1.25rem);\" data-block-type=\"core\">Gestionar y responder a la consulta<\/li>\n\n\n\n<li class=\"has-base-2-color has-text-color has-link-color wp-elements-158fc5c3860e4ded06b65c00d84dcdb7\" style=\"font-size:clamp(0.875rem, 0.875rem + ((1vw - 0.2rem) * 0.469), 1.25rem);\" data-block-type=\"core\">Mantener el contacto derivado de la petici\u00f3n, en su caso<\/li>\n<\/ul>\n\n\n\n<p class=\"has-base-2-color has-text-color has-link-color wp-elements-4eb3fbc842ad9f217715c3238757b063\" style=\"font-size:clamp(0.875rem, 0.875rem + ((1vw - 0.2rem) * 0.469), 1.25rem);\" data-block-type=\"core\">Una vez finalizada la gesti\u00f3n, los datos podr\u00e1n conservarse bloqueados durante los plazos legalmente establecidos para atender posibles responsabilidades y, posteriormente, se eliminar\u00e1n de forma segura.<\/p>\n\n\n\n<p class=\"has-base-2-color has-text-color has-link-color wp-elements-af7cfc5494aba589e08315b557a2054b\" style=\"font-size:clamp(0.875rem, 0.875rem + ((1vw - 0.2rem) * 0.469), 1.25rem);\" data-block-type=\"core\"><strong>6. <strong> \u00bfSe comunicar\u00e1n datos a terceros?<\/strong><\/strong><\/p>\n\n\n\n<p class=\"has-base-2-color has-text-color has-link-color wp-elements-c4d62e7b200b064d649e71e320057ed6\" style=\"font-size:clamp(0.875rem, 0.875rem + ((1vw - 0.2rem) * 0.469), 1.25rem);\" data-block-type=\"core\">No se ceder\u00e1n datos a terceros, salvo obligaci\u00f3n legal.<\/p>\n\n\n\n<p class=\"has-base-2-color has-text-color has-link-color wp-elements-d18a86e1aa6dc62d56d4bfc822e4daab\" style=\"font-size:clamp(0.875rem, 0.875rem + ((1vw - 0.2rem) * 0.469), 1.25rem);\" data-block-type=\"core\">Sin embargo, la web puede utilizar servicios de terceros que act\u00faan como encargados del tratamiento (por ejemplo, alojamiento web, mantenimiento t\u00e9cnico o servicios de correo electr\u00f3nico). Estos proveedores tratar\u00e1n los datos \u00fanicamente siguiendo instrucciones del responsable y con las garant\u00edas exigidas por la normativa vigente.<\/p>\n\n\n\n<p class=\"has-base-2-color has-text-color has-link-color wp-elements-9dafdb6d70be041871a65b1d13c6111c\" style=\"font-size:clamp(0.875rem, 0.875rem + ((1vw - 0.2rem) * 0.469), 1.25rem);\" data-block-type=\"core\"><strong>7. <strong>Transferencias internacionales de datos<\/strong><\/strong><\/p>\n\n\n\n<p class=\"has-base-2-color has-text-color has-link-color wp-elements-859f90c569bbaa4bccc72b079e209372\" style=\"font-size:clamp(0.875rem, 0.875rem + ((1vw - 0.2rem) * 0.469), 1.25rem);\" data-block-type=\"core\">A todos los efectos, no se prev\u00e9n transferencias internacionales de datos fuera del Espacio Econ\u00f3mico Europeo.<\/p>\n\n\n\n<p class=\"has-base-2-color has-text-color has-link-color wp-elements-c37822b659a3396ef6f04a078af94fb6\" style=\"font-size:clamp(0.875rem, 0.875rem + ((1vw - 0.2rem) * 0.469), 1.25rem);\" data-block-type=\"core\">Si alg\u00fan proveedor tecnol\u00f3gico implicase transferencias internacionales, \u00e9stas se realizar\u00edan con las garant\u00edas adecuadas establecidas legalmente (como cl\u00e1usulas contractuales tipo aprobadas por la Comisi\u00f3n Europea).<\/p>\n\n\n\n<p class=\"has-base-2-color has-text-color has-link-color wp-elements-e7f3f95e722bff69170eb9abc38dd384\" style=\"font-size:clamp(0.875rem, 0.875rem + ((1vw - 0.2rem) * 0.469), 1.25rem);\" data-block-type=\"core\"><strong>8. <strong><strong>\u00bfQu\u00e9 derechos tienes sobre tus datos?<\/strong><\/strong><\/strong><\/p>\n\n\n\n<p class=\"has-base-2-color has-text-color has-link-color wp-elements-2df18c6b19bbf591a8d5d87fd816925d\" style=\"font-size:clamp(0.875rem, 0.875rem + ((1vw - 0.2rem) * 0.469), 1.25rem);\" data-block-type=\"core\">La persona usuaria puede ejercer los siguientes derechos:<\/p>\n\n\n\n<ul class=\"wp-block-list\" data-block-type=\"core\">\n<li class=\"has-base-2-color has-text-color has-link-color wp-elements-7632c8fecb26b95c78bbc25fd1c81a73\" style=\"font-size:clamp(0.875rem, 0.875rem + ((1vw - 0.2rem) * 0.469), 1.25rem);\" data-block-type=\"core\"><strong>Acceso<\/strong> a sus datos personales<\/li>\n\n\n\n<li class=\"has-base-2-color has-text-color has-link-color wp-elements-92067445a91f54e7b2ab7a1370dfda93\" style=\"font-size:clamp(0.875rem, 0.875rem + ((1vw - 0.2rem) * 0.469), 1.25rem);\" data-block-type=\"core\"><strong>Rectificaci\u00f3n<\/strong> de datos inexactos o incompletos<\/li>\n\n\n\n<li class=\"has-base-2-color has-text-color has-link-color wp-elements-cff80159fe602c16ffed4e5e7493699c\" style=\"font-size:clamp(0.875rem, 0.875rem + ((1vw - 0.2rem) * 0.469), 1.25rem);\" data-block-type=\"core\"><strong>Supresi\u00f3n<\/strong> (derecho al olvido), cuando sea aplicable<\/li>\n\n\n\n<li class=\"has-base-2-color has-text-color has-link-color wp-elements-1ee5221836bd9a80b42a8b12be608b03\" style=\"font-size:clamp(0.875rem, 0.875rem + ((1vw - 0.2rem) * 0.469), 1.25rem);\" data-block-type=\"core\"><strong>Limitaci\u00f3n<\/strong> del tratamiento, en determinados casos<\/li>\n\n\n\n<li class=\"has-base-2-color has-text-color has-link-color wp-elements-79842b240726a4865397d1b371f0557b\" style=\"font-size:clamp(0.875rem, 0.875rem + ((1vw - 0.2rem) * 0.469), 1.25rem);\" data-block-type=\"core\"><strong>Oposici\u00f3n<\/strong> al tratamiento, en determinados casos<\/li>\n\n\n\n<li class=\"has-base-2-color has-text-color has-link-color wp-elements-6e5d89707e082b6d4c6f3347ac376a0c\" style=\"font-size:clamp(0.875rem, 0.875rem + ((1vw - 0.2rem) * 0.469), 1.25rem);\" data-block-type=\"core\"><strong>Portabilidad<\/strong> de los datos, cuando sea aplicable<\/li>\n\n\n\n<li class=\"has-base-2-color has-text-color has-link-color wp-elements-00e546c85a64f2c988fbc5c8aaa7e386\" style=\"font-size:clamp(0.875rem, 0.875rem + ((1vw - 0.2rem) * 0.469), 1.25rem);\" data-block-type=\"core\"><strong>Retirada del consentimiento<\/strong> en cualquier momento<\/li>\n<\/ul>\n\n\n\n<p class=\"has-base-2-color has-text-color has-link-color wp-elements-e335d5e28b10b2c88ba1e0f0ba4b52a8\" style=\"font-size:clamp(0.875rem, 0.875rem + ((1vw - 0.2rem) * 0.469), 1.25rem);\" data-block-type=\"core\">Para ejercitar estos derechos, puedes escribir a: info@asymmetriqa.com Asunto recomendado: \u201cProtecci\u00f3n de datos\u201d<\/p>\n\n\n\n<p class=\"has-base-2-color has-text-color has-link-color wp-elements-19d2cfe2d6f9ea5943cc3e1e6d2a2ea3\" style=\"font-size:clamp(0.875rem, 0.875rem + ((1vw - 0.2rem) * 0.469), 1.25rem);\" data-block-type=\"core\">Si consideras que tus derechos no han sido correctamente atendidos, puedes presentar una reclamaci\u00f3n ante la Agencia Espa\u00f1ola de Protecci\u00f3n de Datos (AEPD).<\/p>\n\n\n\n<p class=\"has-base-2-color has-text-color has-link-color wp-elements-5118e6ca6892d9b848902a6912d78906\" style=\"font-size:clamp(0.875rem, 0.875rem + ((1vw - 0.2rem) * 0.469), 1.25rem);\" data-block-type=\"core\"><strong>9. Medidas de seguridad<\/strong><\/p>\n\n\n\n<p class=\"has-base-2-color has-text-color has-link-color wp-elements-5485d201495e9dcdb861052a99774ece\" style=\"font-size:clamp(0.875rem, 0.875rem + ((1vw - 0.2rem) * 0.469), 1.25rem);\" data-block-type=\"core\">ASYMMETRIQA EAF, S.R.L. aplica medidas t\u00e9cnicas y organizativas adecuadas para garantizar la seguridad de los datos personales y evitar su acceso no autorizado, p\u00e9rdida, alteraci\u00f3n o divulgaci\u00f3n.<\/p>\n\n\n\n<p class=\"has-base-2-color has-text-color has-link-color wp-elements-5e14775a9e1b2342558560c86a328f5a\" style=\"font-size:clamp(0.875rem, 0.875rem + ((1vw - 0.2rem) * 0.469), 1.25rem);\" data-block-type=\"core\"><strong>10. Pol\u00edtica de cookies<\/strong><\/p>\n\n\n\n<p class=\"has-base-2-color has-text-color has-link-color wp-elements-866e97436c813350eae50cd80164e030\" style=\"font-size:clamp(0.875rem, 0.875rem + ((1vw - 0.2rem) * 0.469), 1.25rem);\" data-block-type=\"core\">En assymmetriqa.com no se utilizan cookies propias ni cookies de publicidad.<\/p>\n\n\n\n<p class=\"has-base-2-color has-text-color has-link-color wp-elements-ba00ff835c67848d6398e8efa99819c0\" style=\"font-size:clamp(0.875rem, 0.875rem + ((1vw - 0.2rem) * 0.469), 1.25rem);\" data-block-type=\"core\">Este sitio web puede cargar recursos tipogr\u00e1ficos a trav\u00e9s de Google Fonts. Google Fonts no instala cookies, pero si las tipograf\u00edas se cargan desde los servidores de Google, se puede producir una conexi\u00f3n t\u00e9cnica con estos dominios (fonts.googleapis.com\/fonts.gstatic.com).<\/p>\n\n\n\n<p class=\"has-base-2-color has-text-color has-link-color wp-elements-95dbaf2340acd08f20596d1790da24b0\" style=\"font-size:clamp(0.875rem, 0.875rem + ((1vw - 0.2rem) * 0.469), 1.25rem);\" data-block-type=\"core\">En caso de que esta pol\u00edtica cambie, se actualizar\u00e1 debidamente.<\/p>\n\n\n\n<div class=\"wp-block-stackable-divider stk-block-divider stk-block stk-b7826e5\" data-block-id=\"b7826e5\"><style>.stk-b7826e5 hr.stk-block-divider__hr{background:#00000000 !important;height:100px !important;}@media screen and (max-width: 1023px){.stk-b7826e5 hr.stk-block-divider__hr{height:1px !important;}}@media screen and (max-width: 767px){.stk-b7826e5 hr.stk-block-divider__hr{height:1px !important;}}<\/style><hr class=\"stk-block-divider__hr\"\/><\/div>\n<\/div>\n","protected":false},"excerpt":{"rendered":"<p>Pol\u00edtica de privacidad 1. Responsable del tratamiento Responsable: ASYMMETRIQA EAF, S.R.L., sociedad unipersonalCIF: B56742620Domicilio: Carrer de C\u00f2rsega, 300, planta 5a, porta 2a, 08008 Barcelona Correo electr\u00f3nico de contacto: info@asymmetriqa.comRepresentante legal: Cirus Andreu 2. \u00bfQu\u00e9 datos recogemos? A trav\u00e9s de esta web, \u00fanicamente se recogen datos personales a trav\u00e9s del formulario de contacto. Los datos que [&hellip;]<\/p>\n","protected":false},"author":1,"featured_media":0,"parent":0,"menu_order":0,"comment_status":"closed","ping_status":"closed","template":"","meta":{"footnotes":""},"class_list":["post-5048","page","type-page","status-publish","hentry"],"_links":{"self":[{"href":"https:\/\/asymmetriqa.com\/es\/wp-json\/wp\/v2\/pages\/5048","targetHints":{"allow":["GET"]}}],"collection":[{"href":"https:\/\/asymmetriqa.com\/es\/wp-json\/wp\/v2\/pages"}],"about":[{"href":"https:\/\/asymmetriqa.com\/es\/wp-json\/wp\/v2\/types\/page"}],"author":[{"embeddable":true,"href":"https:\/\/asymmetriqa.com\/es\/wp-json\/wp\/v2\/users\/1"}],"replies":[{"embeddable":true,"href":"https:\/\/asymmetriqa.com\/es\/wp-json\/wp\/v2\/comments?post=5048"}],"version-history":[{"count":4,"href":"https:\/\/asymmetriqa.com\/es\/wp-json\/wp\/v2\/pages\/5048\/revisions"}],"predecessor-version":[{"id":5558,"href":"https:\/\/asymmetriqa.com\/es\/wp-json\/wp\/v2\/pages\/5048\/revisions\/5558"}],"wp:attachment":[{"href":"https:\/\/asymmetriqa.com\/es\/wp-json\/wp\/v2\/media?parent=5048"}],"curies":[{"name":"wp","href":"https:\/\/api.w.org\/{rel}","templated":true}]}}