{"id":5055,"date":"2026-01-23T12:05:06","date_gmt":"2026-01-23T11:05:06","guid":{"rendered":"https:\/\/asymmetriqa.com\/?page_id=5055"},"modified":"2026-02-20T10:59:53","modified_gmt":"2026-02-20T09:59:53","slug":"politique-de-confidentialite","status":"publish","type":"page","link":"https:\/\/asymmetriqa.com\/fr\/politique-de-confidentialite\/","title":{"rendered":"Politique de confidentialit\u00e9"},"content":{"rendered":"\n<div class=\"wp-block-group has-base-background-color has-background has-global-padding is-layout-constrained wp-container-core-group-is-layout-fb0f37f6 wp-block-group-is-layout-constrained\" style=\"margin-top:-25px;padding-top:100px;padding-right:0px;padding-bottom:116px;padding-left:0px\" data-block-type=\"core\">\n<div class=\"wp-block-group is-nowrap is-layout-flex wp-container-core-group-is-layout-a40fa4a2 wp-block-group-is-layout-flex\" style=\"padding-bottom:0px\" data-block-type=\"core\">\n<div class=\"wp-block-group is-layout-flex wp-block-group-is-layout-flex\" data-block-type=\"core\">\n<div class=\"wp-block-columns is-layout-flex wp-container-core-columns-is-layout-28f84493 wp-block-columns-is-layout-flex\" data-block-type=\"core\">\n<div class=\"wp-block-column is-layout-flow wp-block-column-is-layout-flow\" data-block-type=\"core\">\n<h1 class=\"wp-block-heading has-base-2-color has-text-color has-link-color wp-elements-06330e1384ef173160839d42b19b6109\" style=\"margin-top:20px;margin-right:0px;margin-bottom:20px;margin-left:0px;padding-top:0px;padding-right:0px;padding-bottom:0px;padding-left:0px\" data-block-type=\"core\">Politique de confidentialit\u00e9<\/h1>\n<\/div>\n<\/div>\n<\/div>\n<\/div>\n\n\n\n<p class=\"has-base-2-color has-text-color has-link-color wp-elements-5fa9484f144984fddd4962a2f62d5ca5\" style=\"font-size:clamp(0.875rem, 0.875rem + ((1vw - 0.2rem) * 0.469), 1.25rem);\" data-block-type=\"core\"><strong>1. <strong>Responsable du traitement<\/strong><\/strong><\/p>\n\n\n\n<p class=\"has-base-2-color has-text-color has-link-color wp-elements-d5ee50d1dd2b1dccd2bdc6aa5f74c1d1\" style=\"font-size:clamp(0.875rem, 0.875rem + ((1vw - 0.2rem) * 0.469), 1.25rem);\" data-block-type=\"core\">Responsable : <strong>ASYMMETRIQA EAF, S.R.L., entreprise individuelle<\/strong><br>CIF : <strong>B56742620<\/strong><br>Adresse : <strong>Carrer de C\u00f2rsega, 300, planta 5a, porta 2a, 08008 Barcelona <\/strong><br>Email de contact : <strong>info@asymmetriqa.com<\/strong><br>Repr\u00e9sentant l\u00e9gal : <strong>Cirus Andreu<\/strong><\/p>\n\n\n\n<p class=\"has-base-2-color has-text-color has-link-color wp-elements-b5a81cd1ac90ddf83adf1b3f1458c2ad\" style=\"font-size:clamp(0.875rem, 0.875rem + ((1vw - 0.2rem) * 0.469), 1.25rem);\" data-block-type=\"core\"><strong>2. <strong>Quelles donn\u00e9es collectons-nous ?<\/strong><\/strong><\/p>\n\n\n\n<p class=\"has-base-2-color has-text-color has-link-color wp-elements-11f1ed946a9253a2b4bdd7a5c702a2ab\" style=\"font-size:clamp(0.875rem, 0.875rem + ((1vw - 0.2rem) * 0.469), 1.25rem);\" data-block-type=\"core\">Sur ce site web, les donn\u00e9es personnelles ne sont collect\u00e9es que par le biais du formulaire de contact.<\/p>\n\n\n\n<p class=\"has-base-2-color has-text-color has-link-color wp-elements-e1c3c64340223eb83e64b8ebbf78de27\" style=\"font-size:clamp(0.875rem, 0.875rem + ((1vw - 0.2rem) * 0.469), 1.25rem);\" data-block-type=\"core\">Les donn\u00e9es qui peuvent \u00eatre collect\u00e9es sont&nbsp;:<\/p>\n\n\n\n<ul class=\"wp-block-list\" data-block-type=\"core\">\n<li class=\"has-base-2-color has-text-color has-link-color wp-elements-92be393c8d8cca5acfcd12401f20ee1b\" style=\"font-size:clamp(0.875rem, 0.875rem + ((1vw - 0.2rem) * 0.469), 1.25rem);\" data-block-type=\"core\">Pr\u00e9nom et nom (si fournis par l&rsquo;utilisateur)<\/li>\n\n\n\n<li class=\"has-base-2-color has-text-color has-link-color wp-elements-a90a4c61f1ef051c3b5125e6705eb35f\" style=\"font-size:clamp(0.875rem, 0.875rem + ((1vw - 0.2rem) * 0.469), 1.25rem);\" data-block-type=\"core\">E-mail<\/li>\n\n\n\n<li class=\"has-base-2-color has-text-color has-link-color wp-elements-44d73a0300628d2a2e4003afadc42cf2\" style=\"font-size:clamp(0.875rem, 0.875rem + ((1vw - 0.2rem) * 0.469), 1.25rem);\" data-block-type=\"core\">Contenu du message (et toutes les donn\u00e9es que l&rsquo;utilisateur inclut volontairement)<\/li>\n<\/ul>\n\n\n\n<p class=\"has-base-2-color has-text-color has-link-color wp-elements-a5d25bd587d66d0a7018446aa1a773eb\" style=\"font-size:clamp(0.875rem, 0.875rem + ((1vw - 0.2rem) * 0.469), 1.25rem);\" data-block-type=\"core\"><strong>Recommandation :<\/strong> N\u2019incluez pas d\u2019informations sensibles ou particuli\u00e8rement prot\u00e9g\u00e9es dans le message.<\/p>\n\n\n\n<p class=\"has-base-2-color has-text-color has-link-color wp-elements-6702614f3b816594f95dea62323a699d\" style=\"font-size:clamp(0.875rem, 0.875rem + ((1vw - 0.2rem) * 0.469), 1.25rem);\" data-block-type=\"core\"><strong>3. <strong>\u00c0 quelles fins traitons-nous vos donn\u00e9es ?<\/strong><\/strong><\/p>\n\n\n\n<p class=\"has-base-2-color has-text-color has-link-color wp-elements-94f3e843330364cbdd59eaf49f7b7430\" style=\"font-size:clamp(0.875rem, 0.875rem + ((1vw - 0.2rem) * 0.469), 1.25rem);\" data-block-type=\"core\">Les donn\u00e9es fournies via le formulaire de contact sont utilis\u00e9es exclusivement pour&nbsp;:<\/p>\n\n\n\n<ul class=\"wp-block-list\" data-block-type=\"core\">\n<li class=\"has-base-2-color has-text-color has-link-color wp-elements-d365d9a0e75f013014ab9f351d590377\" style=\"font-size:clamp(0.875rem, 0.875rem + ((1vw - 0.2rem) * 0.469), 1.25rem);\" data-block-type=\"core\">R\u00e9pondre aux demandes de renseignements<\/li>\n\n\n\n<li class=\"has-base-2-color has-text-color has-link-color wp-elements-7d22c0355c105a6073bef26b723fe899\" style=\"font-size:clamp(0.875rem, 0.875rem + ((1vw - 0.2rem) * 0.469), 1.25rem);\" data-block-type=\"core\">G\u00e9rer les communications relatives \u00e0 la demande de l&rsquo;utilisateur<\/li>\n\n\n\n<li class=\"has-base-2-color has-text-color has-link-color wp-elements-6bdc7f13656f7f6f9aa0010f02d31a6b\" style=\"font-size:clamp(0.875rem, 0.875rem + ((1vw - 0.2rem) * 0.469), 1.25rem);\" data-block-type=\"core\">Assurez un suivi aupr\u00e8s de la personne concern\u00e9e si n\u00e9cessaire afin de traiter correctement la demande.<\/li>\n<\/ul>\n\n\n\n<p class=\"has-base-2-color has-text-color has-link-color wp-elements-9489e6e626e3daa53cd31f01742aa70f\" style=\"font-size:clamp(0.875rem, 0.875rem + ((1vw - 0.2rem) * 0.469), 1.25rem);\" data-block-type=\"core\">Les donn\u00e9es ne seront en aucun cas utilis\u00e9es pour envoyer des communications commerciales non sollicit\u00e9es, sauf si l&rsquo;utilisateur en fait express\u00e9ment la demande.<\/p>\n\n\n\n<p class=\"has-base-2-color has-text-color has-link-color wp-elements-98e4f5fbc4b56860a13a44b15e737bd2\" style=\"font-size:clamp(0.875rem, 0.875rem + ((1vw - 0.2rem) * 0.469), 1.25rem);\" data-block-type=\"core\"><strong>4. <strong>Quel est le fondement juridique du traitement&nbsp;?<\/strong><\/strong><\/p>\n\n\n\n<p class=\"has-base-2-color has-text-color has-link-color wp-elements-225a927584551236c9124aff0134fe68\" style=\"font-size:clamp(0.875rem, 0.875rem + ((1vw - 0.2rem) * 0.469), 1.25rem);\" data-block-type=\"core\">La base juridique du traitement des donn\u00e9es est&nbsp;:<\/p>\n\n\n\n<ul class=\"wp-block-list\" data-block-type=\"core\">\n<li class=\"has-base-2-color has-text-color has-link-color wp-elements-29ab9c8711751e3dc90f2fbbf7e67016\" style=\"font-size:clamp(0.875rem, 0.875rem + ((1vw - 0.2rem) * 0.469), 1.25rem);\" data-block-type=\"core\"><strong>Le consentement de l&rsquo;utilisateur<\/strong>, accord\u00e9 lorsque vous soumettez le formulaire de contact.<\/li>\n\n\n\n<li class=\"has-base-2-color has-text-color has-link-color wp-elements-fb4e706d799ad96ac77e31cf04af7032\" style=\"font-size:clamp(0.875rem, 0.875rem + ((1vw - 0.2rem) * 0.469), 1.25rem);\" data-block-type=\"core\">Dans le cas o\u00f9 la consultation porte sur une \u00e9ventuelle prestation de services, l&rsquo;application de mesures pr\u00e9contractuelles demand\u00e9es par la partie int\u00e9ress\u00e9e peut \u00e9galement s&rsquo;appliquer.<\/li>\n<\/ul>\n\n\n\n<p class=\"has-base-2-color has-text-color has-link-color wp-elements-29ccb84b72b489961c76134d32571bfb\" style=\"font-size:clamp(0.875rem, 0.875rem + ((1vw - 0.2rem) * 0.469), 1.25rem);\" data-block-type=\"core\"><strong>5. <strong>Combien de temps conservons-nous les donn\u00e9es ?<\/strong><\/strong><\/p>\n\n\n\n<p class=\"has-base-2-color has-text-color has-link-color wp-elements-ed2c247c22406ab6dc98b1c9caa09959\" style=\"font-size:clamp(0.875rem, 0.875rem + ((1vw - 0.2rem) * 0.469), 1.25rem);\" data-block-type=\"core\">Les donn\u00e9es seront conserv\u00e9es pendant la dur\u00e9e strictement n\u00e9cessaire pour&nbsp;:<\/p>\n\n\n\n<ul class=\"wp-block-list\" data-block-type=\"core\">\n<li class=\"has-base-2-color has-text-color has-link-color wp-elements-ed0d17b6e2c34b70de3546332a43587e\" style=\"font-size:clamp(0.875rem, 0.875rem + ((1vw - 0.2rem) * 0.469), 1.25rem);\" data-block-type=\"core\">G\u00e9rer et r\u00e9pondre \u00e0 la requ\u00eate<\/li>\n\n\n\n<li class=\"has-base-2-color has-text-color has-link-color wp-elements-19802eb64269efde932d414b55180446\" style=\"font-size:clamp(0.875rem, 0.875rem + ((1vw - 0.2rem) * 0.469), 1.25rem);\" data-block-type=\"core\">Maintenir le contact d\u00e9coulant de la demande, le cas \u00e9ch\u00e9ant<\/li>\n<\/ul>\n\n\n\n<p class=\"has-base-2-color has-text-color has-link-color wp-elements-f47c22b343e4638ec9461afa11723fc6\" style=\"font-size:clamp(0.875rem, 0.875rem + ((1vw - 0.2rem) * 0.469), 1.25rem);\" data-block-type=\"core\">Une fois la gestion termin\u00e9e, les donn\u00e9es pourront \u00eatre bloqu\u00e9es pendant les p\u00e9riodes l\u00e9galement \u00e9tablies afin de r\u00e9pondre aux \u00e9ventuelles obligations, puis seront supprim\u00e9es de mani\u00e8re s\u00e9curis\u00e9e.<\/p>\n\n\n\n<p class=\"has-base-2-color has-text-color has-link-color wp-elements-9c3acb7835ddf767a8b45f9849f2935d\" style=\"font-size:clamp(0.875rem, 0.875rem + ((1vw - 0.2rem) * 0.469), 1.25rem);\" data-block-type=\"core\"><strong>6. <strong>Les donn\u00e9es seront-elles communiqu\u00e9es \u00e0 des tiers ?<\/strong><\/strong><\/p>\n\n\n\n<p class=\"has-base-2-color has-text-color has-link-color wp-elements-4b95eabd82af005ce6243f060fa58abd\" style=\"font-size:clamp(0.875rem, 0.875rem + ((1vw - 0.2rem) * 0.469), 1.25rem);\" data-block-type=\"core\">Aucune donn\u00e9e ne sera transf\u00e9r\u00e9e \u00e0 des tiers, sauf obligation l\u00e9gale.<\/p>\n\n\n\n<p class=\"has-base-2-color has-text-color has-link-color wp-elements-70d716691196276da027c69065f33df4\" style=\"font-size:clamp(0.875rem, 0.875rem + ((1vw - 0.2rem) * 0.469), 1.25rem);\" data-block-type=\"core\">Toutefois, le site web peut avoir recours \u00e0 des services tiers agissant en tant que sous-traitants (par exemple, h\u00e9bergement web, maintenance technique ou services de messagerie). Ces prestataires traiteront les donn\u00e9es uniquement selon les instructions du responsable du traitement et dans le respect des garanties pr\u00e9vues par la r\u00e9glementation en vigueur.<\/p>\n\n\n\n<p class=\"has-base-2-color has-text-color has-link-color wp-elements-c1bab2e51d7e89967f06542965477459\" style=\"font-size:clamp(0.875rem, 0.875rem + ((1vw - 0.2rem) * 0.469), 1.25rem);\" data-block-type=\"core\"><strong>7. <strong>Transferts internationaux de donn\u00e9es<\/strong><\/strong><\/p>\n\n\n\n<p class=\"has-base-2-color has-text-color has-link-color wp-elements-9fe1155ac62773970284074062a4e9e8\" style=\"font-size:clamp(0.875rem, 0.875rem + ((1vw - 0.2rem) * 0.469), 1.25rem);\" data-block-type=\"core\">De mani\u00e8re g\u00e9n\u00e9rale, les transferts internationaux de donn\u00e9es en dehors de l&rsquo;Espace \u00e9conomique europ\u00e9en ne sont pas envisag\u00e9s.<\/p>\n\n\n\n<p class=\"has-base-2-color has-text-color has-link-color wp-elements-42c725e1f68008f66e842aa268152d43\" style=\"font-size:clamp(0.875rem, 0.875rem + ((1vw - 0.2rem) * 0.469), 1.25rem);\" data-block-type=\"core\">Si un fournisseur de technologie impliquait des transferts internationaux, ceux-ci seraient effectu\u00e9s avec les garanties juridiques appropri\u00e9es (telles que les clauses contractuelles types approuv\u00e9es par la Commission europ\u00e9enne).<\/p>\n\n\n\n<p class=\"has-base-2-color has-text-color has-link-color wp-elements-c05107a4aafe3beccf1ef2af34561401\" style=\"font-size:clamp(0.875rem, 0.875rem + ((1vw - 0.2rem) * 0.469), 1.25rem);\" data-block-type=\"core\"><strong>8. <strong>Quels sont vos droits sur vos donn\u00e9es ?<\/strong><\/strong><\/p>\n\n\n\n<p class=\"has-base-2-color has-text-color has-link-color wp-elements-48c66bc63128be154961023c6c6cfb4e\" style=\"font-size:clamp(0.875rem, 0.875rem + ((1vw - 0.2rem) * 0.469), 1.25rem);\" data-block-type=\"core\">La persona usu\u00e0ria pot exercir els drets seg\u00fcents:<\/p>\n\n\n\n<p class=\"has-base-2-color has-text-color has-link-color wp-elements-cac6cfe8031f319bccf7fa82f2386d33\" style=\"font-size:clamp(0.875rem, 0.875rem + ((1vw - 0.2rem) * 0.469), 1.25rem);\" data-block-type=\"core\">L&rsquo;utilisateur peut exercer les droits suivants&nbsp;:<\/p>\n\n\n\n<ul class=\"wp-block-list\" data-block-type=\"core\">\n<li class=\"has-base-2-color has-text-color has-link-color wp-elements-691b98914daad94218c93738ddf59a7b\" style=\"font-size:clamp(0.875rem, 0.875rem + ((1vw - 0.2rem) * 0.469), 1.25rem);\" data-block-type=\"core\"><strong>Acc\u00e9der<\/strong> \u00e0 vos donn\u00e9es personnelles<\/li>\n\n\n\n<li class=\"has-base-2-color has-text-color has-link-color wp-elements-d6bbf0bfb9b199c7e8a15e856ee5b900\" style=\"font-size:clamp(0.875rem, 0.875rem + ((1vw - 0.2rem) * 0.469), 1.25rem);\" data-block-type=\"core\"><strong>Rectification<\/strong> de donn\u00e9es inexactes ou incompl\u00e8tes<\/li>\n\n\n\n<li class=\"has-base-2-color has-text-color has-link-color wp-elements-59a188bf6d505f56cb725e69178edff6\" style=\"font-size:clamp(0.875rem, 0.875rem + ((1vw - 0.2rem) * 0.469), 1.25rem);\" data-block-type=\"core\"><strong>Effacement<\/strong> (droit \u00e0 l&rsquo;oubli), le cas \u00e9ch\u00e9ant<\/li>\n\n\n\n<li class=\"has-base-2-color has-text-color has-link-color wp-elements-ae239558adfcd5f2977feea515fdb2b0\" style=\"font-size:clamp(0.875rem, 0.875rem + ((1vw - 0.2rem) * 0.469), 1.25rem);\" data-block-type=\"core\"><strong>Limitation<\/strong> du traitement, dans certains cas<\/li>\n\n\n\n<li class=\"has-base-2-color has-text-color has-link-color wp-elements-da38ee6342c2b410b1114bca6f7665f8\" style=\"font-size:clamp(0.875rem, 0.875rem + ((1vw - 0.2rem) * 0.469), 1.25rem);\" data-block-type=\"core\"><strong>Opposition<\/strong> au traitement, dans certains cas<\/li>\n\n\n\n<li class=\"has-base-2-color has-text-color has-link-color wp-elements-ad95613efeb35622a3a03f60e9bb6b3d\" style=\"font-size:clamp(0.875rem, 0.875rem + ((1vw - 0.2rem) * 0.469), 1.25rem);\" data-block-type=\"core\"><strong>Portabilit\u00e9<\/strong> des donn\u00e9es, le cas \u00e9ch\u00e9ant<\/li>\n\n\n\n<li class=\"has-base-2-color has-text-color has-link-color wp-elements-ff1da1b5358c0dbe14cc781669200d53\" style=\"font-size:clamp(0.875rem, 0.875rem + ((1vw - 0.2rem) * 0.469), 1.25rem);\" data-block-type=\"core\"><strong>Retrait du consentement<\/strong> \u00e0 tout moment<\/li>\n<\/ul>\n\n\n\n<p class=\"has-base-2-color has-text-color has-link-color wp-elements-0ef40af70d04d8ac7b8ea96d9f18b20a\" style=\"font-size:clamp(0.875rem, 0.875rem + ((1vw - 0.2rem) * 0.469), 1.25rem);\" data-block-type=\"core\">Pour exercer ces droits, vous pouvez \u00e9crire \u00e0&nbsp;: info@asymmetriqa.com. Objet recommand\u00e9&nbsp;: \u00ab&nbsp;Protection des donn\u00e9es&nbsp;\u00bb.<\/p>\n\n\n\n<p class=\"has-base-2-color has-text-color has-link-color wp-elements-6efc23335c1b0ffcb6b1284cfe7a7be5\" style=\"font-size:clamp(0.875rem, 0.875rem + ((1vw - 0.2rem) * 0.469), 1.25rem);\" data-block-type=\"core\">Si vous estimez que vos droits n&rsquo;ont pas \u00e9t\u00e9 correctement respect\u00e9s, vous pouvez d\u00e9poser une plainte aupr\u00e8s de l&rsquo;Agence espagnole de protection des donn\u00e9es (AEPD).<\/p>\n\n\n\n<p class=\"has-base-2-color has-text-color has-link-color wp-elements-331f25402db58b3bde016a579ff41adc\" style=\"font-size:clamp(0.875rem, 0.875rem + ((1vw - 0.2rem) * 0.469), 1.25rem);\" data-block-type=\"core\"><strong>9. Mesures de s\u00e9curit\u00e9<\/strong><\/p>\n\n\n\n<p class=\"has-base-2-color has-text-color has-link-color wp-elements-86b5800c003812a5db6bbb69e8dc98ae\" style=\"font-size:clamp(0.875rem, 0.875rem + ((1vw - 0.2rem) * 0.469), 1.25rem);\" data-block-type=\"core\">ASYMETRIQA EAF, S.R.L. applique des mesures techniques et organisationnelles appropri\u00e9es pour garantir la s\u00e9curit\u00e9 des donn\u00e9es personnelles et emp\u00eacher tout acc\u00e8s, perte, alt\u00e9ration ou divulgation non autoris\u00e9s.<\/p>\n\n\n\n<p class=\"has-base-2-color has-text-color has-link-color wp-elements-9cf9d73dbedb3fe65e3e818512cbfbce\" style=\"font-size:clamp(0.875rem, 0.875rem + ((1vw - 0.2rem) * 0.469), 1.25rem);\" data-block-type=\"core\"><strong>10. Politique relative aux cookies<\/strong><\/p>\n\n\n\n<p class=\"has-base-2-color has-text-color has-link-color wp-elements-af45aa491d1127960f75eed831875b34\" style=\"font-size:clamp(0.875rem, 0.875rem + ((1vw - 0.2rem) * 0.469), 1.25rem);\" data-block-type=\"core\">Assymetriqa.com n&rsquo;utilise ni ses propres cookies ni des cookies publicitaires.<\/p>\n\n\n\n<p class=\"has-base-2-color has-text-color has-link-color wp-elements-f0491d41433073ccba652b616f816e41\" style=\"font-size:clamp(0.875rem, 0.875rem + ((1vw - 0.2rem) * 0.469), 1.25rem);\" data-block-type=\"core\">Ce site web peut utiliser Google Fonts pour charger des ressources typographiques. Google Fonts n&rsquo;installe pas de cookies, mais si les polices sont charg\u00e9es depuis les serveurs de Google, une connexion technique avec ces domaines (fonts.googleapis.com \/ fonts.gstatic.com) peut avoir lieu.<\/p>\n\n\n\n<p class=\"has-base-2-color has-text-color has-link-color wp-elements-609b2740713da57c1d817d1d555e4c78\" style=\"font-size:clamp(0.875rem, 0.875rem + ((1vw - 0.2rem) * 0.469), 1.25rem);\" data-block-type=\"core\">En cas de modification de cette politique, elle sera mise \u00e0 jour en cons\u00e9quence.<\/p>\n\n\n\n<div class=\"wp-block-stackable-divider stk-block-divider stk-block stk-b7826e5\" data-block-id=\"b7826e5\"><style>.stk-b7826e5 hr.stk-block-divider__hr{background:#00000000 !important;height:100px !important;}@media screen and (max-width: 1023px){.stk-b7826e5 hr.stk-block-divider__hr{height:1px !important;}}@media screen and (max-width: 767px){.stk-b7826e5 hr.stk-block-divider__hr{height:1px !important;}}<\/style><hr class=\"stk-block-divider__hr\"\/><\/div>\n<\/div>\n","protected":false},"excerpt":{"rendered":"<p>Politique de confidentialit\u00e9 1. Responsable du traitement Responsable : ASYMMETRIQA EAF, S.R.L., entreprise individuelleCIF : B56742620Adresse : Carrer de C\u00f2rsega, 300, planta 5a, porta 2a, 08008 Barcelona Email de contact : info@asymmetriqa.comRepr\u00e9sentant l\u00e9gal : Cirus Andreu 2. Quelles donn\u00e9es collectons-nous ? Sur ce site web, les donn\u00e9es personnelles ne sont collect\u00e9es que par le biais [&hellip;]<\/p>\n","protected":false},"author":1,"featured_media":0,"parent":0,"menu_order":0,"comment_status":"closed","ping_status":"closed","template":"","meta":{"footnotes":""},"class_list":["post-5055","page","type-page","status-publish","hentry"],"_links":{"self":[{"href":"https:\/\/asymmetriqa.com\/fr\/wp-json\/wp\/v2\/pages\/5055","targetHints":{"allow":["GET"]}}],"collection":[{"href":"https:\/\/asymmetriqa.com\/fr\/wp-json\/wp\/v2\/pages"}],"about":[{"href":"https:\/\/asymmetriqa.com\/fr\/wp-json\/wp\/v2\/types\/page"}],"author":[{"embeddable":true,"href":"https:\/\/asymmetriqa.com\/fr\/wp-json\/wp\/v2\/users\/1"}],"replies":[{"embeddable":true,"href":"https:\/\/asymmetriqa.com\/fr\/wp-json\/wp\/v2\/comments?post=5055"}],"version-history":[{"count":2,"href":"https:\/\/asymmetriqa.com\/fr\/wp-json\/wp\/v2\/pages\/5055\/revisions"}],"predecessor-version":[{"id":5554,"href":"https:\/\/asymmetriqa.com\/fr\/wp-json\/wp\/v2\/pages\/5055\/revisions\/5554"}],"wp:attachment":[{"href":"https:\/\/asymmetriqa.com\/fr\/wp-json\/wp\/v2\/media?parent=5055"}],"curies":[{"name":"wp","href":"https:\/\/api.w.org\/{rel}","templated":true}]}}